{"id":20344,"date":"2014-08-04T00:00:00","date_gmt":"2014-08-03T22:00:00","guid":{"rendered":"http:\/\/new.hdke.hu\/links\/"},"modified":"2014-08-04T00:00:00","modified_gmt":"2014-08-03T22:00:00","slug":"links","status":"publish","type":"page","link":"https:\/\/hdke.hu\/en\/links\/","title":{"rendered":"Links"},"content":{"rendered":"<p><strong>Fenntart\u00f3<\/strong><\/p>\n<p>\tK\u00f6zigazgat\u00e1si \u00e9s Igazs\u00e1g\u00fcgyi Miniszt\u00e9rium www.kim.gov.hu<\/p>\n<p><strong>M\u00fazeumok, int\u00e9zetek<\/strong><\/p>\n<p><strong>K\u00fclf\u00f6ld\u00f6n<\/strong><\/p>\n<p>\tYad Vashem www.yadvashem.org<\/p>\n<p>\tWashingtoni Holokauszt M\u00fazeum www.ushmm.org<\/p>\n<p>\tWannsee Konferencia H\u00e1za www.ghwk.de<\/p>\n<p>\tAnne Frank H\u00e1z, Amszterdam www.annefrank.org<\/p>\n<p>\tAuschwitz \u00c1llami M\u00fazeum www.auschwitz.org.pl<\/p>\n<p>\tN\u00e9met Ellen\u00e1ll\u00e1s M\u00fazeuma www.gdw-berlin.de<\/p>\n<p>\tBelgr\u00e1di Zsid\u00f3 T\u00f6rt\u00e9neti M\u00fazeum www.jim-bg.org<\/p>\n<p>\tB\u00e9csi Zsid\u00f3 M\u00fazeum www.jmw.at<\/p>\n<p>\tFrankfurti Zsid\u00f3 M\u00fazeum www.juedischesmuseum.de<\/p>\n<p>\tOsztr\u00e1k Zsid\u00f3 M\u00fazeum www.oejudmus.or.at<\/p>\n<p>\tPr\u00e1gai Zsid\u00f3 M\u00fazeum www.jewishmuseum.cz<\/p>\n<p>\tAnna Frank M\u00fazeum www.annefrank.org<\/p>\n<p>\tIzraeli Kultur\u00e1lis Int\u00e9zet www.israelculture.hu<\/p>\n<p>\tThe International Auschwitz Committee http:\/\/www.auschwitz.info\/e\/history.html<\/p>\n<p>\tTel Aviv-i Diaspora M\u00fazeum www.bh.org.il<\/p>\n<p>\tMagyar Nyelvter\u00fcletr\u0151l Sz\u00e1rmaz\u00f3 Zsid\u00f3s\u00e1g Eml\u00e9km\u00fazeuma, Cf\u00e1t www.hjm.org.il<\/p>\n<p>\tEur\u00f3pai eml\u00e9khelyek, m\u00fazeumok gy\u0171jt\u0151port\u00e1l www.memorialmuseums.org<\/p>\n<p>\tBeregvid\u00e9ki M\u00fazeum <a href=\"http:\/\/www.beregmuzeum.uz.ua\/images\/stories\/galeria\/holokauszt\/album\/index.html\">holokauszt gy\u0171jtem\u00e9nye<\/a><\/p>\n<p><\/p>\n<p>\t<strong>Magyarorsz\u00e1gon<\/strong><\/p>\n<p>\tMagyar Zsid\u00f3 M\u00fazeum www.zsidomuzeum.hu<\/p>\n<p><strong>Zsid\u00f3 szervezetek<\/strong><\/p>\n<p>\tMAZSIHISZ www.mazsihisz.hu<\/p>\n<p>\tEMIH www.zsido.com<\/p>\n<p><strong>Alap\u00edtv\u00e1nyok, egyes\u00fcletek<\/strong><\/p>\n<p>MAZSIKE www.mazsike.hu<\/p>\n<p>\tCentropa www.centropa.hu<\/p>\n<p>\tZachor Alap\u00edtv\u00e1ny www.emlekezem.hu<\/p>\n<p>\tHaver Alap\u00edtv\u00e1ny http:\/\/haver.hu<\/p>\n<p>\tRoma Polg\u00e1rjogi Alap\u00edtv\u00e1ny www.romapage.hu<\/p>\n<p>\tHolokauszt Magyarorsz\u00e1gon www.holokausztmagyarorszagon.hu<\/p>\n<p>\tMagyar Ellen\u00e1ll\u00f3k \u00e9s Antifasiszt\u00e1k Sz\u00f6vets\u00e9ge www.antifasiszta.hu<\/p>\n<p>\tSoha T\u00f6bb\u00e9 So\u00e1! Alap\u00edtv\u00e1ny www.sohatobbesoa.com<\/p>\n<p>\t\u00c9let Menete Alap\u00edtv\u00e1ny www.eletmenete.hu<\/p>\n<p>\tTiszaf\u00fcredi Men\u00f3ra Alap\u00edtv\u00e1ny www.telepesek.hu\/menora<\/p>\n<p>\tTokaj Hegyaljai Zsid\u00f3 Hagyom\u00e1ny\u0151rz\u0151 Egyes\u00fclet www.zsidohagyomany.fw.hu<\/p>\n<p><\/p>\n<p>\t<strong>Lev\u00e9lt\u00e1rak<\/strong><\/p>\n<p>Baranya Megyei Lev\u00e9lt\u00e1r http:\/\/www.bml.hu<\/p>\n<p>\tBorsod-Aba\u00faj-Zempl\u00e9n Megyei Lev\u00e9lt\u00e1r http:\/\/bazleveltar.hu\/news.php<\/p>\n<p>\tBudapest F\u0151v\u00e1ros Lev\u00e9lt\u00e1ra http:\/\/bfl.archivportal.hu<\/p>\n<p>\tB\u00e1cs-Kiskun Megyei Lev\u00e9lt\u00e1r http:\/\/www.bacs-kiskun-leveltar.hu<\/p>\n<p>\tB\u00e9k\u00e9s Megyei Lev\u00e9lt\u00e1r http:\/\/www.bekes-archiv.hu<\/p>\n<p>\tCsongr\u00e1d Megyei Lev\u00e9lt\u00e1r http:\/\/www.csml.hu<\/p>\n<p>\tFej\u00e9r Megyei Lev\u00e9lt\u00e1r http:\/\/fejer.archivportal.hu<\/p>\n<p>\tGy\u0151r Megyei Jog\u00fa V\u00e1ros Lev\u00e9lt\u00e1ra http:\/\/www.vleveltar.gyor.hu<\/p>\n<p>\tGy\u0151r-Moson-Sopron Megye Gy\u0151ri Lev\u00e9lt\u00e1ra http:\/\/www.gyormegy-arch.hu<\/p>\n<p>\tGy\u0151r-Moson-Sopron Megye Soproni Lev\u00e9lt\u00e1ra http:\/\/www.leveltar.sopron.hu<\/p>\n<p>\tHajd\u00fa-Bihar Megyei Lev\u00e9lt\u00e1r http:\/\/hbml.archivportal.hu<\/p>\n<p>\tHeves Megyei Lev\u00e9lt\u00e1r http:\/\/www.hevesarchiv.hu<\/p>\n<p>\tJ\u00e1sz-Nagykun-Szolnok Megyei Lev\u00e9lt\u00e1r http:\/\/www.szolarchiv.hu<\/p>\n<p>\tKom\u00e1rom-Esztergom Megyei \u00d6nkorm\u00e1nyzat Lev\u00e9lt\u00e1ra http:\/\/www.kemarchiv.iif.hu<\/p>\n<p>\tMagyar Orsz\u00e1gos Lev\u00e9lt\u00e1r http:\/\/www.mol.gov.hu<\/p>\n<p>\tMagyar Zsid\u00f3 Lev\u00e9lt\u00e1r http:\/\/www.milev.hu<\/p>\n<p>\tN\u00f3gr\u00e1d Megyei Lev\u00e9lt\u00e1r http:\/\/www.nogradarchiv.hu<\/p>\n<p>\tPest Megyei Lev\u00e9lt\u00e1r http:\/\/www.pestmlev.hu<\/p>\n<p>\tSomogy Megyei Lev\u00e9lt\u00e1r http:\/\/smarchive.netii.net<\/p>\n<p>\tSemmelweis Egyetem Lev\u00e9lt\u00e1ra http:\/\/www.leveltar.sote.hu<\/p>\n<p>\tSzabolcs-Szatm\u00e1r-Bereg Megyei Lev\u00e9lt\u00e1r http:\/\/www.szabarchiv.hu\/drupal<\/p>\n<p>\tSz\u00e9kesfeh\u00e9rv\u00e1r Megyei Jog\u00fa V\u00e1ros Lev\u00e9lt\u00e1ra http:\/\/www.albaarchivum.hu<\/p>\n<p>\tTatab\u00e1nya Megyei Jog\u00fa V\u00e1ros Lev\u00e9lt\u00e1ra http:\/\/www.leveltartb.hu<\/p>\n<p>\tTolna Megyei \u00d6nkorm\u00e1nyzat Lev\u00e9lt\u00e1ra http:\/\/leveltar.tolnamegye.hu<\/p>\n<p>\tVas Megyei Lev\u00e9lt\u00e1r http:\/\/www.vaml.hu<\/p>\n<p>\tV\u00e1c V\u00e1ros Lev\u00e9lt\u00e1ra http:\/\/vacarchivum.hu<\/p>\n<p>\tVeszpr\u00e9m Megyei Lev\u00e9lt\u00e1r http:\/\/www.veml.hu\/leveltar<\/p>\n<p>\tZala Megyei Lev\u00e9lt\u00e1r http:\/\/www.zml.hu\/hirek\/hireink.php<\/p>\n<p><\/p>\n<p>\t<strong>Oktat\u00e1s<\/strong><\/p>\n<p>International Task Force www.holocausttaskforce.org<\/p>\n<p><\/p>\n<p>\t<strong>Helyt\u00f6rt\u00e9neti gy\u0171jtem\u00e9nyek e-mail el\u00e9rhet\u0151s\u00e9gei<\/strong><\/p>\n<p>Tab\u00e1ni Helyt\u00f6rt\u00e9neti Gy\u0171jtem\u00e9ny \u00e9s Dokument\u00e1ci\u00f3s K\u00f6zpont &#8211; tabantarsasag@freemail.hu<\/p>\n<p>\t\u00d3budai M\u00fazeum \u00e9s K\u00f6nyvt\u00e1r &#8211; obmuzeum@invitel.hu<\/p>\n<p>\t\u00dajpesti Helyt\u00f6rt\u00e9neti Gy\u0171jtem\u00e9ny &#8211; szollosym@adymk.hu<\/p>\n<p>\tFerencv\u00e1rosi Helyt\u00f6rt\u00e9neti Gy\u0171jtem\u00e9ny &#8211; helytorteneti@ferencvarosimuvkp.hu<\/p>\n<p>\tAlbertfalvi Helyt\u00f6rt\u00e9neti Gy\u0171jtem\u00e9ny \u00e9s Iskolam\u00fazeum &#8211; albertfalvi.budapest@museum.hu<\/p>\n<p>\tHegyvid\u00e9ki Helyt\u00f6rt\u00e9neti Gy\u0171jtem\u00e9ny \u00e9s Gal\u00e9ria &#8211; info@hegytortenet.hu<\/p>\n<p>\tAngyalf\u00f6ldi Helyt\u00f6rt\u00e9neti Gy\u0171jtem\u00e9ny &#8211; angyalfoldimuzeum@gmail.hu<\/p>\n<p>\tZugl\u00f3i Helyt\u00f6rt\u00e9neti M\u0171hely &#8211; zugloi.gyujtemeny@cserepeshaz.hu<\/p>\n<p>\tR\u00e1kospalotai M\u00fazeum &#8211; rpalotaimuzeum@csokonaimk.hu<\/p>\n<p>\tErd\u0151s Ren\u00e9e H\u00e1z Muze\u00e1lis Gy\u0171jtem\u00e9ny \u00e9s Ki\u00e1ll\u00edt\u00f3terem &#8211; erh@enternet.hu<\/p>\n<p>\tXVIII. ker\u00fcleti Pedag\u00f3giai \u00e9s Helyt\u00f6rt\u00e9neti Gy\u0171jtem\u00e9ny &#8211; gyujtemeny@pihgy.hu<\/p>\n<p>\tKispesti Helyt\u00f6rt\u00e9neti Gy\u0171jtem\u00e9ny &#8211; helytort@hdsnet.hu<\/p>\n<p>\tPesterzs\u00e9beti M\u00fazeum &#8211; info@pesterzsebetimuzeum.eu<\/p>\n<p>\tCsepeli Helyt\u00f6rt\u00e9neti Gy\u0171jtem\u00e9ny &#8211; csephegy@freemail.hu<\/p>\n<p>\tSoroks\u00e1ri Helyt\u00f6rt\u00e9neti Gy\u0171jtem\u00e9ny &#8211; galeria13@freemail.hu<\/p>\n","protected":false},"excerpt":{"rendered":"<p>Fenntart\u00f3 K\u00f6zigazgat\u00e1si \u00e9s Igazs\u00e1g\u00fcgyi Miniszt\u00e9rium www.kim.gov.hu M\u00fazeumok, int\u00e9zetek K\u00fclf\u00f6ld\u00f6n Yad Vashem www.yadvashem.org Washingtoni Holokauszt M\u00fazeum www.ushmm.org Wannsee Konferencia H\u00e1za www.ghwk.de Anne Frank H\u00e1z, Amszterdam www.annefrank.org Auschwitz \u00c1llami M\u00fazeum www.auschwitz.org.pl N\u00e9met Ellen\u00e1ll\u00e1s M\u00fazeuma www.gdw-berlin.de Belgr\u00e1di Zsid\u00f3 T\u00f6rt\u00e9neti M\u00fazeum www.jim-bg.org B\u00e9csi Zsid\u00f3 M\u00fazeum www.jmw.at Frankfurti Zsid\u00f3 M\u00fazeum www.juedischesmuseum.de Osztr\u00e1k Zsid\u00f3 M\u00fazeum www.oejudmus.or.at Pr\u00e1gai Zsid\u00f3 M\u00fazeum www.jewishmuseum.cz Anna<\/p>\n","protected":false},"author":1,"featured_media":0,"parent":0,"menu_order":0,"comment_status":"closed","ping_status":"closed","template":"","meta":{"footnotes":""},"class_list":["post-20344","page","type-page","status-publish","hentry"],"acf":[],"_links":{"self":[{"href":"https:\/\/hdke.hu\/en\/wp-json\/wp\/v2\/pages\/20344","targetHints":{"allow":["GET"]}}],"collection":[{"href":"https:\/\/hdke.hu\/en\/wp-json\/wp\/v2\/pages"}],"about":[{"href":"https:\/\/hdke.hu\/en\/wp-json\/wp\/v2\/types\/page"}],"author":[{"embeddable":true,"href":"https:\/\/hdke.hu\/en\/wp-json\/wp\/v2\/users\/1"}],"replies":[{"embeddable":true,"href":"https:\/\/hdke.hu\/en\/wp-json\/wp\/v2\/comments?post=20344"}],"version-history":[{"count":0,"href":"https:\/\/hdke.hu\/en\/wp-json\/wp\/v2\/pages\/20344\/revisions"}],"wp:attachment":[{"href":"https:\/\/hdke.hu\/en\/wp-json\/wp\/v2\/media?parent=20344"}],"curies":[{"name":"wp","href":"https:\/\/api.w.org\/{rel}","templated":true}]}}