{"id":20381,"date":"2013-08-27T00:00:00","date_gmt":"2013-08-26T22:00:00","guid":{"rendered":"http:\/\/new.hdke.hu\/palyazati-program-leirasa\/"},"modified":"2013-08-27T00:00:00","modified_gmt":"2013-08-26T22:00:00","slug":"palyazati-program-leirasa","status":"publish","type":"page","link":"https:\/\/hdke.hu\/en\/palyazati-program-leirasa\/","title":{"rendered":"P\u00c1LY\u00c1ZATI PROGRAM LE\u00cdR\u00c1SA"},"content":{"rendered":"<p>Ez elvileg az angol ford\u00edt\u00e1s node\/7513<\/p>\n<p>\u00a0<\/p>\n<p><strong>Eml\u00e9keink a j\u00f6v\u0151 z\u00e1loga<\/strong><\/p>\n<p>Nevel\u00e9si-oktat\u00e1si int\u00e9zm\u00e9nyek tan\u00f3rai, tan\u00f3r\u00e1n k\u00edv\u00fcli \u00e9s szabadid\u0151s tev\u00e9kenys\u00e9geinek t\u00e1mogat\u00e1s\u00e1ra ki\u00edrt T\u00c1MOP p\u00e1ly\u00e1zatra beadott program bemutat\u00e1sa<\/p>\n<p>K\u00f3dsz\u00e1m: T\u00c1MOP &#8211; 3.2.11\/10\/1\/KMR\/2010-0059<\/p>\n<p>Megval\u00f3s\u00edt\u00e1si id\u0151szak: 2011. augusztus 1 \u2013 2012. j\u00falius 31.<\/p>\n<p>A program keretei k\u00f6z\u00f6tt a p\u00e1ly\u00e1zatot beny\u00fajt\u00f3 int\u00e9zm\u00e9ny (Holokauszt Eml\u00e9kk\u00f6zpont) meghat\u00e1rozott sz\u00e1m\u00fa partneriskol\u00e1val (jelenleg 13 iskola \u00e9s egy \u00f3voda) egy\u00fcttm\u0171k\u00f6dve, k\u00f6z\u00f6s, egym\u00e1st kieg\u00e9sz\u00edt\u0151, mindk\u00e9t helysz\u00ednen zajl\u00f3 inform\u00e1lis, tan\u00f3r\u00e1n k\u00edv\u00fcli foglalkoz\u00e1si \u00e9s m\u00fazeumpedag\u00f3giai programsorozatot alak\u00edtott ki.<\/p>\n<p>A program oktat\u00e1si-nevel\u00e9si c\u00e9lja: a tanul\u00f3k t\u00f6rt\u00e9neti, helyt\u00f6rt\u00e9neti tud\u00e1s\u00e1nak b\u0151v\u00edt\u00e9se, m\u00e1s n\u00e9pek \u00e9s kult\u00far\u00e1juk megismer\u00e9se, egym\u00e1s elfogad\u00e1s\u00e1nak, a toler\u00e1ns gondolkod\u00e1s alapjainak, a civil \u00e9s felel\u0151s \u00e1llampolg\u00e1r attit\u0171dj\u00e9nek kialak\u00edt\u00e1sa, az ismeretszerz\u00e9s szabadid\u0151s tev\u00e9kenys\u00e9gi form\u00e1iban val\u00f3 j\u00e1rtass\u00e1g megszerz\u00e9se.&nbsp;&nbsp;&nbsp;&nbsp;&nbsp;&nbsp;<\/p>\n<p>A program egy \u00e9ves megval\u00f3s\u00edt\u00e1si id\u0151tartama alatt az iskol\u00e1k saj\u00e1t nevel\u00e9si c\u00e9ljaiknak megfelel\u0151, \u00e1ltaluk tervezett foglalkoz\u00e1sokat ind\u00edtanak az \u00e9rdekl\u0151d\u0151 tanul\u00f3k sz\u00e1m\u00e1ra (tehets\u00e9ggondoz\u00f3 foglalkoz\u00e1s, szakk\u00f6r, tanulm\u00e1nyi verseny, t\u00e1bor, t\u00e9manap, \u00f3vodai foglalkoz\u00e1s), melyekbe az Eml\u00e9kk\u00f6zpont muzeol\u00f3giai, oktat\u00e1si programjai fogasker\u00e9k-szer\u0171en illeszkednek be (t\u00e1rlatvezet\u00e9sek, speci\u00e1lis foglalkoz\u00e1sok, rendhagy\u00f3 \u00f3r\u00e1k, v\u00e1ndorki\u00e1ll\u00edt\u00e1sok, di\u00e1k-t\u00e1rlatvezet\u0151k k\u00e9pz\u00e9se, vet\u00e9lked\u0151k). A finansz\u00edrozott egy \u00e9vet k\u00f6vet\u0151en, tov\u00e1bbi \u00f6t \u00e9ven kereszt\u00fcl a k\u00e9t int\u00e9zm\u00e9ny k\u00f6z\u00f6tt az egy\u00fcttm\u0171k\u00f6d\u00e9s nem sz\u0171nik meg, de \u00e9vente meger\u0151s\u00edt\u00e9sre ker\u00fcl. Ezen id\u0151szak alatt az Eml\u00e9kk\u00f6zpont m\u00fazeumpedag\u00f3giai programjait &#8211; mindk\u00e9t helysz\u00ednen &#8211; tov\u00e1bbra is t\u00e9r\u00edt\u00e9smentesen biztos\u00edtja az egy\u00fcttm\u0171k\u00f6d\u0151 iskol\u00e1k sz\u00e1m\u00e1ra.<\/p>\n<p>Mindez \u00faj t\u00edpus\u00fa partneri viszonyt alak\u00edthat ki az iskol\u00e1k \u00e9s a m\u00fazeum\/eml\u00e9kk\u00f6zpont k\u00f6z\u00f6tt, hiszen biztos\u00edtja a tanul\u00f3kkal \u00e9s tan\u00e1rokkal val\u00f3 hosszan tart\u00f3 egy\u00fcttm\u0171k\u00f6d\u00e9st. Lehet\u0151s\u00e9get ad arra, hogy az adott tanul\u00f3csoportot t\u00f6bb koroszt\u00e1lyi szinten, t\u00f6bb tematik\u00e1ban, gazdag foglalkoz\u00e1si k\u00edn\u00e1lattal \u00e9rj\u00fck el \u00e9s ismereteit, k\u00e9szs\u00e9geit t\u00f6bb forr\u00e1sb\u00f3l, t\u00f6bb szinten fejleszthesse. A tan\u00e1roknak alkalmat ad arra, hogy szakmai munk\u00e1jukat magasabb sz\u00ednvonalon, v\u00e1ltozatosabb k\u00f6r\u00fclm\u00e9nyek k\u00f6z\u00f6tt, m\u00fazeumpedag\u00f3gusokkal egy\u00fcttm\u0171k\u00f6dve, a megval\u00f3s\u00edt\u00e1si peri\u00f3dusban finansz\u00edrozott keretek k\u00f6z\u00f6tt v\u00e9gezhesse.<\/p>\n<p><a href=\"http:\/\/ujszechenyiterv.gov.hu\/\" target=\"blank\" rel=\"noopener\"><img decoding=\"async\" alt=\"NF\u00dc Log\u00f3\" src=\"\/files\/image\/NFU_logo.gif\" style=\"width: 391px; height: 113px\" \/><\/a><\/p>\n<p><a href=\"http:\/\/ujszechenyiterv.gov.hu\/\" target=\"blank\" rel=\"noopener\"> <\/a><\/p>\n<p><a href=\"http:\/\/ujszechenyiterv.gov.hu\/\" target=\"blank\" rel=\"noopener\"><img decoding=\"async\" alt=\"\" src=\"\/files\/image\/Szechenyi_terv_logo.gif\" style=\"width: 211px; height: 62px\" \/><\/a><\/p>\n<p><strong>Holocaust K\u00f6zalap\u00edtv\u00e1ny<\/strong> <i>EML\u00c9KEINK<\/i> a j\u00f6v\u0151 z\u00e1loga projekt H-1094 Budapest, P\u00e1va utca 39. Tel: +36-1-455-3320 Fax: +36-1-455-3399 <a href=\"http:\/\/www.hdke.hu\/tamop\">www.hdke.hu<\/a><\/p>\n","protected":false},"excerpt":{"rendered":"<p>Ez elvileg az angol ford\u00edt\u00e1s node\/7513 \u00a0 Eml\u00e9keink a j\u00f6v\u0151 z\u00e1loga Nevel\u00e9si-oktat\u00e1si int\u00e9zm\u00e9nyek tan\u00f3rai, tan\u00f3r\u00e1n k\u00edv\u00fcli \u00e9s szabadid\u0151s tev\u00e9kenys\u00e9geinek t\u00e1mogat\u00e1s\u00e1ra ki\u00edrt T\u00c1MOP p\u00e1ly\u00e1zatra beadott program bemutat\u00e1sa K\u00f3dsz\u00e1m: T\u00c1MOP &#8211; 3.2.11\/10\/1\/KMR\/2010-0059 Megval\u00f3s\u00edt\u00e1si id\u0151szak: 2011. augusztus 1 \u2013 2012. j\u00falius 31. A program keretei k\u00f6z\u00f6tt a p\u00e1ly\u00e1zatot beny\u00fajt\u00f3 int\u00e9zm\u00e9ny (Holokauszt Eml\u00e9kk\u00f6zpont) meghat\u00e1rozott sz\u00e1m\u00fa partneriskol\u00e1val (jelenleg 13 iskola<\/p>\n","protected":false},"author":1,"featured_media":0,"parent":0,"menu_order":0,"comment_status":"closed","ping_status":"closed","template":"","meta":{"footnotes":""},"class_list":["post-20381","page","type-page","status-publish","hentry"],"acf":[],"_links":{"self":[{"href":"https:\/\/hdke.hu\/en\/wp-json\/wp\/v2\/pages\/20381","targetHints":{"allow":["GET"]}}],"collection":[{"href":"https:\/\/hdke.hu\/en\/wp-json\/wp\/v2\/pages"}],"about":[{"href":"https:\/\/hdke.hu\/en\/wp-json\/wp\/v2\/types\/page"}],"author":[{"embeddable":true,"href":"https:\/\/hdke.hu\/en\/wp-json\/wp\/v2\/users\/1"}],"replies":[{"embeddable":true,"href":"https:\/\/hdke.hu\/en\/wp-json\/wp\/v2\/comments?post=20381"}],"version-history":[{"count":0,"href":"https:\/\/hdke.hu\/en\/wp-json\/wp\/v2\/pages\/20381\/revisions"}],"wp:attachment":[{"href":"https:\/\/hdke.hu\/en\/wp-json\/wp\/v2\/media?parent=20381"}],"curies":[{"name":"wp","href":"https:\/\/api.w.org\/{rel}","templated":true}]}}